{"id":624,"date":"2014-05-27T17:09:55","date_gmt":"2014-05-27T15:09:55","guid":{"rendered":"http:\/\/www.animation-debat-conference.fr\/?page_id=624"},"modified":"2015-06-13T02:24:05","modified_gmt":"2015-06-13T00:24:05","slug":"offre-video","status":"publish","type":"page","link":"https:\/\/animation-debat-conference.fr\/?page_id=624","title":{"rendered":"L&rsquo;offre Vid\u00e9o"},"content":{"rendered":"<p>R\u00e9alis\u00e9es en collaboration avec des professionnels du son et de l&rsquo;image, les vid\u00e9os ont pour fonction de mettre en valeur la <strong>parole des interlocuteurs<\/strong> et de renforcer leurs <strong>messages directs<\/strong> .<\/p>\n<p>C&rsquo;est l&rsquo;<strong>EXPRESSION<\/strong> qui est ici privil\u00e9gi\u00e9e.\u00a0Notre r\u00f4le est d&rsquo;accompagner nos clients, de les \u00ab\u00a0coacher\u00a0\u00bb, afin de les aider \u00e0 d\u00e9livrer des messages clairs, courts et p\u00e9dagogiques.<\/p>\n<p>&nbsp;<\/p>\n<p><strong>Quelques r\u00e9f\u00e9rences :<\/strong><\/p>\n<p>&nbsp;<\/p>\n<ul>\n<li style=\"text-align: justify;\"><strong>Film \u00ab\u00a0Lyon, Ville Sant\u00e9\u00a0\u00bb r\u00e9alis\u00e9<em>\u00a0<\/em>pour la Fondation pour l&rsquo;Universit\u00e9 de Lyon \u00e0 l&rsquo;occasion de Biovision 2015.\u00a0<em>[Sc\u00e9nario\/interviews\/pr\u00e9sentation: Nathaly Mermet \u2013 Production\u00a0: Garage Prod]<\/em><\/strong><\/li>\n<\/ul>\n<p><strong><span style=\"color: #800000;\">See the\u00a0<a style=\"color: #800000;\" href=\"https:\/\/www.youtube.com\/attribution_link?a=T9eXn5sDepA&amp;u=%2Fwatch%3Fv%3D63oeprBkEzM%26feature%3Dshare\" target=\"_blank\" rel=\"nofollow\">Future Investment Program in Lyon<\/a>\u00a0through the film<\/span><\/strong><\/p>\n<p><strong><span style=\"color: #800000;\"><em>LYON, CITY HEALTH :\u00a0Discover\/Improve\/Valorize\/Treat<\/em><\/span><span style=\"color: #800000;\">\u00a0<\/span><\/strong><\/p>\n<h3><span style=\"color: #800000;\"><strong><iframe loading=\"lazy\" src=\"\/\/www.youtube.com\/embed\/63oeprBkEzM\" width=\"425\" height=\"350\"><\/iframe><\/strong><\/span><\/h3>\n<h3>A <strong>film<\/strong> by Nathaly MERMET \/ Copyright \u00a9 Garage Productions<\/h3>\n<p><a href=\"http:\/\/www.expression-biotech.com\/?p=2243\">Lire aussi sur Expression Biotech&#8230;<\/a><\/p>\n<p>&nbsp;<\/p>\n<ul>\n<li style=\"text-align: justify;\"><strong>Film \u00ab\u00a0Sant\u00e9 Globale &amp; M\u00e9decine personnalis\u00e9e\u00a0\u00bb : th\u00e9matique phare de l\u2019\u00e9dition Biovision 2015,\u00a0r\u00e9alis\u00e9<em>\u00a0<\/em>pour la Fondation pour l&rsquo;Universit\u00e9 de Lyon .\u00a0<em>[Sc\u00e9nario\/interviews\/pr\u00e9sentation: Nathaly Mermet \u2013 Production\u00a0: Garage Prod]<\/em>\u00a0[Sc\u00e9nario\/interviews\/pr\u00e9sentation: Nathaly Mermet \u2013 Production\u00a0: Garage Prod]<\/strong><\/li>\n<\/ul>\n<div class='et_post_video'><iframe loading=\"lazy\" width=\"1080\" height=\"608\" src=\"https:\/\/www.youtube.com\/embed\/if3NtIMzLyw?feature=oembed\" frameborder=\"0\" allowfullscreen><\/iframe><\/div>\n<h3>A <strong>film<\/strong> by Nathaly MERMET \/ Copyright \u00a9 Garage Productions<\/h3>\n<p><a href=\"http:\/\/www.expression-biotech.com\/?p=2213\">Lire aussi sur Expression Biotech&#8230;<\/a><\/p>\n<p>&nbsp;<\/p>\n<ul>\n<li>Interview vid\u00e9o du <strong>Pr\u00a0Paul Perrin<\/strong> \u00e0 l&rsquo;occasion des\u00a0<strong>Journ\u00e9es Internationales de Biologie, JIB 2013<\/strong> en collaboration avec<strong>\u00a0<a href=\"http:\/\/www.animation-debat-conference.fr\/about\/partenaires-2\/partenaires\/\">Claude REYRAUD \/ Reycom<\/a>.<\/strong><\/li>\n<\/ul>\n<p><a href=\"http:\/\/www.expression-biotech.com\/?page_id=261\">A lire et voir <\/a>sur Expression Biotech.com.<\/p>\n<p>R\u00e9dactionnel : Nathaly Mermet, R\u00e9dactrice en chef de Expression Biotech \/\u00a0R\u00e9alisation vid\u00e9o : Claude Reyraud<\/p>\n<div class='et_post_video'><iframe loading=\"lazy\" width=\"1080\" height=\"608\" src=\"https:\/\/www.youtube.com\/embed\/F1WZEV28Ixo?feature=oembed\" frameborder=\"0\" allowfullscreen><\/iframe><\/div>\n<p>\u00a9Nathaly Mermet\/Claude Reyraud\/Expression Biotech <em>by<\/em> Expression Sciences\/JIB<\/p>\n<p>&nbsp;<\/p>\n<ul>\n<li>Interview de Alain M\u00e9rieux,\u00a0Pr\u00e9sident de la Fondation pour l\u2019Universit\u00e9 de Lyon, par Nathaly Mermet \u00e0 l&rsquo;occasion de Biovision 2014<a href=\"https:\/\/vimeo.com\/112626257\">.<\/a>\u00a0 R\u00e9alisation vid\u00e9o Claude Reyraud.<\/li>\n<\/ul>\n<p class=\"first\">Au terme de la 9\u00e8me \u00e9dition de Biovision qui s\u2019est tenue les 5 et 6 juin 2014\u00a0\u00e0 Lyon, Alain M\u00e9rieux se d\u00e9clare enti\u00e8rement satisfait. Et ce \u00e0 de multiples \u00e9gards.<\/p>\n<div class='et_post_video'><iframe loading=\"lazy\" src=\"https:\/\/player.vimeo.com\/video\/98209991\" width=\"1080\" height=\"608\" frameborder=\"0\" title=\"L&#039;avenir &eacute;tincelant des Biotechs\" webkitallowfullscreen mozallowfullscreen allowfullscreen><\/iframe><\/div>\n<p>\u00a9Nathaly Mermet\/Claude Reyraud\/Expression Biotech <em>by<\/em> Expression Sciences\/BIOVISION<\/p>\n<p><a href=\"http:\/\/www.expression-biotech.com\/?p=1363\">Lire aussi sur Expression Biotech&#8230;<\/a><\/p>\n<p>&nbsp;<\/p>\n<ul>\n<li>I<a href=\"https:\/\/vimeo.com\/112626257\">nterview o<\/a>f<strong><a href=\"https:\/\/vimeo.com\/112626257\">\u00a0Dietrich Wolf, the new Eye Tech Care<\/a>\u00a0CEO\u00a0by<\/strong>\u00a0Nathaly Mermet\u00a0at<a href=\"https:\/\/vimeo.com\/112626257\">\u00a0Biovision Catalyzser Conference 2014.<\/a>\u00a0 R\u00e9alisation vid\u00e9o Claude Reyraud. Lire l&rsquo;article sur <a href=\"http:\/\/www.expression-biotech.com\/?p=1808\">Expression Biotech.com<\/a><\/li>\n<\/ul>\n<p class=\"first\">Dietrich Wolf talks about EyeTechCare and its new non invasive therapeutic approach to fight glaucoma. Nominated by the Biovision Catalyser conference, EyetechCare uses high intensity focused ultrasounds (HIFU) to control eye hypertension.<\/p>\n<div class='et_post_video'><iframe loading=\"lazy\" src=\"https:\/\/player.vimeo.com\/video\/112626256\" width=\"1080\" height=\"608\" frameborder=\"0\" title=\"Fighting glaucoma with EyeTechCare\" webkitallowfullscreen mozallowfullscreen allowfullscreen><\/iframe><\/div>\n<p>\u00a9Nathaly Mermet\/Claude Reyraud\/Expression Biotech <em>by<\/em> Expression Sciences\/BIOVISION<\/p>\n<p><a href=\"http:\/\/www.expression-biotech.com\/?p=1808\">Lire aussi sur Expression Biotech&#8230;<\/a><\/p>\n<p>&nbsp;<\/p>\n<ul>\n<li>Interview de\u00a0<a title=\"Cicatriser les plaies, chez l'animal ou l'homme  \" href=\"https:\/\/vimeo.com\/101574951\" target=\"_blank\"><strong>Latifa Dahri Correia<\/strong>, fondatrice de la soci\u00e9t\u00e9 <strong>Ayawane<\/strong><\/a>, par Nathaly Mermet \u00e0 l&rsquo;occasion de Biovision 2014. R\u00e9alisation vid\u00e9o Claude Reyraud. Lire l&rsquo;article Ayawane : de l\u2019animal \u00e0 l\u2019homme sur Expression Biotech.com<\/li>\n<\/ul>\n<p class=\"first\">Latifa Dahri Correia pr\u00e9sente l&rsquo;activit\u00e9 de sa soci\u00e9t\u00e9 Ayawane qui porte Hyalin, un projet visant \u00e0 accompagner les cicatrisations de tous les tissus humains \u00e0 l&rsquo;aide de cellules souches guid\u00e9es par une matrice bioactive faite d&rsquo;un hydrogel d&rsquo;acide hyaluronique fonctionnalis\u00e9.\u00a0Cette technologie qui avait fait ses preuves sur les plaies difficiles \u00e0 cicatriser des chevaux a \u00e9t\u00e9 s\u00e9lectionn\u00e9e par BioVision-Catalyser pour son int\u00e9r\u00eat dans la th\u00e9matique du bien vieillir. Avec son passage \u00e0 la biologie humaine, le march\u00e9 d&rsquo;Ayawane s&rsquo;est consid\u00e9rablement ouvert.<\/p>\n<p>HYALIn\u00ae matrix are hydrogels made of functionalized hyaluronic acid selected for the biological and physicochemical properties and biocompatibility.\u00a0The goal of the project is to demonstrate that HYALIn\u00ae matrix can be used to transplant stem cells in situ in addition to its own biological properties for the treatment of ischemic tissue in elderly patients.<\/p>\n<div class='et_post_video'><iframe loading=\"lazy\" src=\"https:\/\/player.vimeo.com\/video\/101574951\" width=\"1080\" height=\"608\" frameborder=\"0\" title=\"Pour tout cicatriser du cheval &agrave; l&#039;homme\" webkitallowfullscreen mozallowfullscreen allowfullscreen><\/iframe><\/div>\n<p>\u00a9Nathaly Mermet\/Claude Reyraud\/Expression Biotech <em>by<\/em> Expression Sciences\/BIOVISION<\/p>\n<p><a href=\"http:\/\/www.expression-biotech.com\/?p=1574\">Lire aussi sur Expression Biotech&#8230;<\/a><\/p>\n<p>&nbsp;<\/p>\n<ul>\n<li>Interview de\u00a0<a title=\"Cicatriser les plaies, chez l'animal ou l'homme  \" href=\"https:\/\/vimeo.com\/101574951\" target=\"_blank\"><strong>Nathalie Compagnonne<\/strong>, fondatrice de la soci\u00e9t\u00e9<strong> I<\/strong><\/a><strong>CDD <\/strong>par Nathaly Mermet \u00e0 l&rsquo;occasion de Biovision 2014. R\u00e9alisation vid\u00e9o Claude Reyraud. \u00a0Lire l&rsquo;article <a href=\"http:\/\/www.expression-biotech.com\/?p=1398\">Des neurobiomarqueurs fort prometteurs<\/a>\u00a0et <a href=\"http:\/\/www.expression-biotech.com\/?page_id=1529\">ICDD cherche 2,5 millions d&rsquo;euros<\/a> sur Expression Biotech.com<\/li>\n<\/ul>\n<div class='et_post_video'><iframe loading=\"lazy\" src=\"https:\/\/player.vimeo.com\/video\/98274555\" width=\"1080\" height=\"608\" frameborder=\"0\" title=\"A new blood test for Alzheimer disease\" webkitallowfullscreen mozallowfullscreen allowfullscreen><\/iframe><\/div>\n<p>\u00a9Nathaly Mermet\/Claude Reyraud\/Expression Biotech <em>by<\/em> Expression Sciences\/BIOVISION<\/p>\n<p><a href=\"http:\/\/www.expression-biotech.com\/?p=1398\">Lire aussi sur Expression Biotech&#8230;<\/a><\/p>\n<p>&nbsp;<\/p>\n<ul>\n<li>Interview Didier Hoch, Pr\u00e9sident ex\u00e9cutif de Biovision\u00a0 par Nathaly Mermet \u00e0 l&rsquo;occasion de Biovision 2014. R\u00e9alisation vid\u00e9o Claude Reyraud.<\/li>\n<\/ul>\n<p><em>\u00ab Nous travaillons sur l\u2019ensemble de la cha\u00eene de l\u2019innovation, depuis l\u2019id\u00e9e jusqu\u2019au financement des projets, et avons d\u00e9fini deux th\u00e9matiques transversales sur lesquelles nous allons nous focaliser : Immunoth\u00e9rapies et Bien vieillir \u00bb<\/em> pr\u00e9sente Didier Hoch, Pr\u00e9sident ex\u00e9cutif de BioVision.Parmi les 20 projets s\u00e9lectionn\u00e9s pour \u00eatre pr\u00e9sent\u00e9s lors des 2 sessions consacr\u00e9es \u00e0 chaque focus (10 dans chaque cat\u00e9gorie), la majorit\u00e9 des projets \u00e9tiquet\u00e9s \u00abImmunoth\u00e9rapie \u00bb est d\u00e9di\u00e9e au d\u00e9veloppement de nouveaux vaccins th\u00e9rapeutiques, de nouvelles solutions d\u2019immuno-monitoring innovantes ou au d\u00e9veloppement d\u2019adjuvants vaccinaux, et ceux retenus pour la th\u00e9matique \u00ab Bien vieillir \u00bb repr\u00e9sentent un spectre plus large couvrant le domaine des neurosciences, de l\u2019e-sant\u00e9-pr\u00e9vention, de la th\u00e9rapie cellulaire ou encore des maladies m\u00e9taboliques.<br \/>\n<em>\u00ab L\u2019objectif de cette nouvelle \u00e9dition de BIOVISION Catalyzer est de contribuer \u00e0 l\u2019\u00e9mergence de projets collaboratifs pour une vraie sortie de produits au b\u00e9n\u00e9fice des patients \u00bb<\/em> insiste Didier Hoch.<\/p>\n<div class='et_post_video'><iframe loading=\"lazy\" src=\"https:\/\/player.vimeo.com\/video\/97057440\" width=\"1080\" height=\"608\" frameborder=\"0\" title=\"Didier Hoch Biovision et l&rsquo;innovation disruptive\" webkitallowfullscreen mozallowfullscreen allowfullscreen><\/iframe><\/div>\n<p>\u00a9Nathaly Mermet\/Claude Reyraud\/Expression Biotech <em>by<\/em> Expression Sciences\/BIOVISION<\/p>\n<p><a href=\"http:\/\/www.expression-biotech.com\/?page_id=1126\">Lire aussi sur Expression Biotech&#8230;<\/a><\/p>\n<ul>\n<li>Interview <strong>Alexia P\u00e9rouse<\/strong>, directrice associ\u00e9e Sciences de la Vie d\u2019Omnes Capital, Pr\u00e9sidente de PME Finances Rh\u00f4ne-Alpes (vice-pr\u00e9sidente de la structure au niveau national) et co-pr\u00e9sidente du Comit\u00e9 de s\u00e9lection de l\u2019Investor Conference,\u00a0par Nathaly Mermet en pr\u00e9ambule\u00a0de Biovision le 19 mai 2014 \u00e0 Lyonbiop\u00f4le. R\u00e9alisation vid\u00e9o Claude Reyraud.<\/li>\n<\/ul>\n<p><em>\u00ab Pour BIOVISION Investor Conference nous avons r\u00e9uni un comit\u00e9 de s\u00e9lection international, compos\u00e9 de 16 fonds d\u2019investissement, dont 6 clairement internationaux \u00bb<\/em> explique Alexia P\u00e9rouse. <em>\u00ab Quelle que soit la source, ces fonds sont sp\u00e9cialis\u00e9s en sciences de la vie et les investisseurs couvrent tous les stades de la cha\u00eene de financement \u00bb<\/em> pr\u00e9cise-t-elle. Ainsi les 11 soci\u00e9t\u00e9s s\u00e9lectionn\u00e9es en Biotech et les 13 en Medtech peuvent \u00eatre en amor\u00e7age ou avoir d\u00e9j\u00e0 lev\u00e9 des fonds \u2026mais ont toutes leurs chances de rencontrer leurs futurs investisseurs lors de l\u2019Investor Conference de Biovision, les 5 et 6 juin prochains.<\/p>\n<div class='et_post_video'><iframe loading=\"lazy\" src=\"https:\/\/player.vimeo.com\/video\/97073777\" width=\"1080\" height=\"608\" frameborder=\"0\" title=\"16 fonds d&rsquo;investissement pour BioVision 2014\" webkitallowfullscreen mozallowfullscreen allowfullscreen><\/iframe><\/div>\n<p>\u00a9Nathaly Mermet\/Claude Reyraud\/Expression Biotech <em>by<\/em> Expression Sciences\/BIOVISION<\/p>\n<p><a href=\"http:\/\/www.expression-biotech.com\/?page_id=1126\">Lire aussi sur Expression Biotech&#8230;<\/a><\/p>\n<ul>\n<li>Interview <strong>Florence Agostino-Etchetto<\/strong>, Directeur G\u00e9n\u00e9ral du p\u00f4le de comp\u00e9titivit\u00e9 Lyonbiop\u00f4le, co-organisateur et partenaire avec France Biotech de BioVision, par Nathaly Mermet \u00e0 l&rsquo;occasion de Biovision 2014. R\u00e9alisation vid\u00e9o Claude Reyraud.<\/li>\n<\/ul>\n<p>Pour Florence Agostino-Etchetto, \u00a0<em>\u00ab ce forum est une opportunit\u00e9 pour les acteurs r\u00e9gionaux de pitcher devant des investisseurs internationaux dans un climat g\u00e9n\u00e9ral qui n\u2019est pas toujours tr\u00e8s favorable \u00bb<\/em> observe-t-elle, rappelant que Lyonbiop\u00f4le a \u00e0 c\u0153ur de mettre en relation ses PME membres avec les Business Angels et les soci\u00e9t\u00e9s de Capital Risque, et que l\u2019Investor Conference est pleinement dans l\u2019axe de la probl\u00e9matique du financement de l\u2019innovation.<\/p>\n<p>Une interview de Nathaly Mermet et Claude Reyraud enregistr\u00e9e le 19 mai 2014 \u00e0 Lyonbiop\u00f4le.<\/p>\n<div class='et_post_video'><iframe loading=\"lazy\" src=\"https:\/\/player.vimeo.com\/video\/97009801\" width=\"1080\" height=\"608\" frameborder=\"0\" title=\"BioVision : Une opportunit&eacute; pour les Biotech et Medtech Rh&ocirc;ne-Alpes\" webkitallowfullscreen mozallowfullscreen allowfullscreen><\/iframe><\/div>\n<p>\u00a9Nathaly Mermet\/Claude Reyraud\/Expression Biotech <em>by<\/em> Expression Sciences\/BIOVISION<\/p>\n<p><a href=\"http:\/\/www.expression-biotech.com\/?page_id=1126\">Lire aussi sur Expression Biotech&#8230;<\/a><\/p>\n<p>&nbsp;<\/p>\n<ul>\n<li>Interview <strong>Alain Cozzone<\/strong>, conseiller scientifique de Lyonbiop\u00f4le,\u00a0 par Nathaly Mermet \u00e0 l&rsquo;occasion de Biovision 2014. R\u00e9alisation vid\u00e9o Claude Reyraud.<\/li>\n<\/ul>\n<p><em>\u00ab BioVision n\u2019est pas un colloque strictement scientifique, mais fait partie des rares forums qui rassemblent \u00e0 la fois \u00e9minents sp\u00e9cialistes scientifiques, dirigeants d\u2019organisations internationales et d\u2019ONG, soci\u00e9t\u00e9 civile (dont des organisations de patients) et industriels, PME ou start-ups innovantes \u00bb<\/em>\u00a0indique Alain Cozzone, conseiller scientifique de BioVision et de Lyonbiop\u00f4le, Professeur \u00e9m\u00e9rite rattach\u00e9 \u00e0 l\u2019Institut de Biologie et de Chimie des Prot\u00e9ines CNRS\/ Universit\u00e9 Lyon1.\u00a0<em>\u00ab L\u2019Agence Nationale de la Recherche (ANR) va indiquer ses axes prioritaires en juillet, et BioVision se positionne pleinement dans ces priorit\u00e9s \u00bb<\/em> d\u00e9voile t-il.<\/p>\n<div class='et_post_video'><iframe loading=\"lazy\" src=\"https:\/\/player.vimeo.com\/video\/97071118\" width=\"1080\" height=\"608\" frameborder=\"0\" title=\"Professeur Alain Cozzone : l&#039;&acirc;me de BioVision\" webkitallowfullscreen mozallowfullscreen allowfullscreen><\/iframe><\/div>\n<p>\u00a9Nathaly Mermet\/Claude Reyraud\/Expression Biotech <em>by<\/em> Expression Sciences\/BIOVISION<\/p>\n<p><a href=\"http:\/\/www.expression-biotech.com\/?page_id=1126\">Lire aussi sur Expression Biotech&#8230;<\/a><\/p>\n<p>&nbsp;<\/p>\n<ul>\n<li>Interview <strong>Fran\u00e7ois Sillion<\/strong>, Directeur Inria Grenoble Rh\u00f4ne-Alpes,\u00a0 par Nathaly Mermet \u00e0 l&rsquo;occasion des Rencontres Inria-Industrie \u00ab\u00a0Bioinformatique et outils num\u00e9riques\u00a0\u00bb \u00e0 l&rsquo;ENS Lyon le 11\u00a0f\u00e9vrier 2014. R\u00e9alisation vid\u00e9o Claude Reyraud.<\/li>\n<\/ul>\n<p>Pour Fran\u00e7ois Sillion, les d\u00e9fis num\u00e9riques sont des moteurs d\u2019innovations illustr\u00e9s par l\u2019activit\u00e9 des nombreuses start-ups de sa r\u00e9gion et celles des \u00e9quipes de l\u2019Inria qu\u2019il rappelle en les mettant en relation avec les diff\u00e9rentes couleurs des biotechnologies. \u00c0 propos de la d\u00e9ferlante des Big Datas, Fran\u00e7ois Sillion rappelle que <em>\u00ab aujourd\u2019hui, des d\u00e9couvertes peuvent se faire en dehors de toute mod\u00e9lisation pr\u00e9alable par les sp\u00e9cialistes des disciplines.\u00a0Les techniques num\u00e9riques permettent aujourd\u2019hui de faire des pr\u00e9dictions en se basant sur des observations statistiques, d\u00e9gageant des tendances \u00bb<\/em>. Un nouveau paradigme ou une perspective vertigineuse pour certains scientifiques.<\/p>\n<div class='et_post_video'><iframe loading=\"lazy\" src=\"https:\/\/player.vimeo.com\/video\/94644187\" width=\"1080\" height=\"608\" frameborder=\"0\" title=\"Les couleurs biotechnologiques &agrave; l&#039;Inria\" webkitallowfullscreen mozallowfullscreen allowfullscreen><\/iframe><\/div>\n<p>\u00a9Nathaly Mermet\/Claude Reyraud\/Expression Biotech <em>by<\/em> Expression Sciences\/INRIA<\/p>\n<ul>\n<li>Interview <strong>Christophe Pison<\/strong>, Professeur d&rsquo;Universit\u00e9 \/ Praticien hospitalier (PU-PH) au CHU de Grenoble par Nathaly Mermet \u00e0 l&rsquo;occasion des Rencontres Inria-Industrie \u00ab\u00a0Bioinformatique et outils num\u00e9riques\u00a0\u00bb \u00e0 l&rsquo;ENS Lyon en f\u00e9vrier 2014. R\u00e9alisation vid\u00e9o Claude Reyraud.<\/li>\n<\/ul>\n<p>Christophe Pison, sp\u00e9cialiste des maladies pulmonaires, explique comment l&rsquo;approche syst\u00e9mique permettrait d&rsquo;\u00e9pargner des vies, par exemple dans les rechutes de cancers pulmonaires. Ce nouveau paradigme m\u00e9dical repose sur une surveillance fine des param\u00e8tres physiologiques dont les fluctuations peuvent pr\u00e9c\u00e9der les diverses d\u00e9gradations morbides. N\u00e9anmoins, il est n\u00e9cessaire de faire appel aux techniques les plus puissantes du traitement statistique des donn\u00e9es lorsque l&rsquo;on souhaite d\u00e9celer ces variations de profil, t\u00e9moins d&rsquo;une d\u00e9rive syst\u00e9mique et ce, avant m\u00eame qu&rsquo;une cause puisse \u00eatre identifi\u00e9e.<\/p>\n<div class='et_post_video'><iframe loading=\"lazy\" src=\"https:\/\/player.vimeo.com\/video\/94082868\" width=\"1080\" height=\"608\" frameborder=\"0\" title=\"Pour une m&eacute;decine pulmonaire syst&eacute;mique\" webkitallowfullscreen mozallowfullscreen allowfullscreen><\/iframe><\/div>\n<p>\u00a9Nathaly Mermet\/Claude Reyraud\/Expression Biotech <em>by<\/em> Expression Sciences\/INRIA<\/p>\n<p>&nbsp;<\/p>\n<ul>\n<li>Interview <strong>Marc Roquette<\/strong>, Pr\u00e9sident de Roquette Fr\u00e8res, par Nathaly Mermet \u00e0 l&rsquo;occasion des Assises du Vivant sur la Bio\u00e9conomie\u00a0\u00e0 l&rsquo;Unesco, Paris, Novembre 2013. R\u00e9alisation vid\u00e9o Claude Reyraud.<\/li>\n<\/ul>\n<p>R\u00e9alis\u00e9e au d\u00e9cours d&rsquo;un atelier des Assises du Vivant, organis\u00e9 \u00e0 l&rsquo;Unesco en novembre 2013, l&rsquo;interview fait le tour des activit\u00e9s du groupe Roquette Fr\u00e8res. L&rsquo;industriel fabrique de plus en plus de produits de base pour la chimie \u00e0 partir d&rsquo;amidon extrait des v\u00e9g\u00e9taux. Une chimie verte prometteuse et une r\u00e9ussite particuli\u00e8re des orientations pr\u00e9coces prises par les dirigeants de Roquette Fr\u00e8res expliquent leurs succ\u00e8s : le groupe est aujourd&rsquo;hui le plus grand amidonnier europ\u00e9en.<\/p>\n<div class='et_post_video'><iframe loading=\"lazy\" src=\"https:\/\/player.vimeo.com\/video\/86918038\" width=\"1080\" height=\"608\" frameborder=\"0\" title=\"Le glucose au centre des activit&eacute;s biotechs de Roquette Fr&egrave;res\" webkitallowfullscreen mozallowfullscreen allowfullscreen><\/iframe><\/div>\n<p>\u00a9Nathaly Mermet\/Claude Reyraud\/Expression Biotech <em>by<\/em> Expression Sciences\/IFPEN<\/p>\n<p>&nbsp;<\/p>\n<ul>\n<li>Interview <strong>Pierre Porot<\/strong>, Responsable du programme Biomasse \u00e0 l&rsquo;IFP Energies Nouvelles, par Nathaly Mermet \u00e0 l&rsquo;occasion du Panorama IFPEN 2014, Paris, Salons Hoche le 6 f\u00e9vrier 2014. R\u00e9alisation vid\u00e9o Claude Reyraud \/ Reycom.<\/li>\n<\/ul>\n<p>Quels sont les programmes biomasse de l&rsquo;IFPEN ?\u00a0Quelle est la diff\u00e9rence entre m\u00e9thanisation et m\u00e9thanation ?<br \/>\nQuels sont les rendements de ces proc\u00e9d\u00e9s ?\u00a0Quelle est la part de l&rsquo;activit\u00e9 biomasse au sein de l&rsquo;IFPEN ?<br \/>\nLes perspectives de la biomasse sont-elles bonnes sur le territoire fran\u00e7ais et comment am\u00e9liorer ces perspectives ?<\/p>\n<div class='et_post_video'><iframe loading=\"lazy\" src=\"https:\/\/player.vimeo.com\/video\/86856605\" width=\"1080\" height=\"608\" frameborder=\"0\" title=\"Les biocarburants &agrave; l&#039;IFPEN : les explications de Pierre Porot\" webkitallowfullscreen mozallowfullscreen allowfullscreen><\/iframe><\/div>\n<p>\u00a9Nathaly Mermet\/Claude Reyraud\/Expression Biotech <em>by<\/em> Expression Sciences\/IFPEN<\/p>\n<p>&nbsp;<\/p>\n<ul>\n<li>Interview <b>Fran\u00e7ois Houllier<\/b>, Pr\u00e9sident Directeur G\u00e9n\u00e9ral de l&rsquo;INRA, par Nathaly Mermet \u00e0 l&rsquo;occasion du PanOrama IFPEN 2014, Paris, Salons Hoche le 6 f\u00e9vrier 2014. R\u00e9alisation vid\u00e9o Claude Reyraud \/ Reycom.<\/li>\n<\/ul>\n<p class=\"first\">Quelles sont les priorit\u00e9s sur le d\u00e9veloppement des projets faisant appel \u00e0 la biomasse ?\u00a0Quelles sont les diff\u00e9rentes fili\u00e8res de biomasse ?<\/p>\n<div class='et_post_video'><iframe loading=\"lazy\" src=\"https:\/\/player.vimeo.com\/video\/86856596\" width=\"1080\" height=\"608\" frameborder=\"0\" title=\"Biomasse pour la chimie et l&#039;&eacute;nergie\" webkitallowfullscreen mozallowfullscreen allowfullscreen><\/iframe><\/div>\n<p>\u00a9Nathaly Mermet\/Claude Reyraud\/Expression Biotech <em>by<\/em> Expression Sciences\/IFPEN<\/p>\n<p>&nbsp;<\/p>\n<ul>\n<li>Interview <b>Olivier Appert<\/b>, Pr\u00e9sident de l&rsquo;IFPEN, par Nathaly Mermet \u00e0 l&rsquo;occasion du PanOrama IFPEN 2014, Paris, Salons Hoche le 6 f\u00e9vrier 2014. R\u00e9alisation vid\u00e9o Claude Reyraud \/ Reycom.<\/li>\n<\/ul>\n<p>Olivier Appert fait le bilan du \u00ab\u00a0PanOrama 2014\u00a0\u00bb consacr\u00e9 \u00e0 la biomasse.<\/p>\n<div class='et_post_video'><iframe loading=\"lazy\" src=\"https:\/\/player.vimeo.com\/video\/86856588\" width=\"1080\" height=\"608\" frameborder=\"0\" title=\"IFPEN : Visions d&#039;avenir\" webkitallowfullscreen mozallowfullscreen allowfullscreen><\/iframe><\/div>\n<p>\u00a9Nathaly Mermet\/Claude Reyraud\/Expression Biotech <em>by<\/em> Expression Sciences\/IFPEN<\/p>\n","protected":false},"excerpt":{"rendered":"<p>R\u00e9alis\u00e9es en collaboration avec des professionnels du son et de l&rsquo;image, les vid\u00e9os ont pour fonction de mettre en valeur la parole des interlocuteurs et de renforcer leurs messages directs . C&rsquo;est l&rsquo;EXPRESSION qui est ici privil\u00e9gi\u00e9e.\u00a0Notre r\u00f4le est d&rsquo;accompagner nos clients, de les \u00ab\u00a0coacher\u00a0\u00bb, afin de les aider \u00e0 d\u00e9livrer des messages clairs, courts [&hellip;]<\/p>\n","protected":false},"author":1,"featured_media":0,"parent":0,"menu_order":0,"comment_status":"closed","ping_status":"open","template":"","meta":[],"_links":{"self":[{"href":"https:\/\/animation-debat-conference.fr\/index.php?rest_route=\/wp\/v2\/pages\/624"}],"collection":[{"href":"https:\/\/animation-debat-conference.fr\/index.php?rest_route=\/wp\/v2\/pages"}],"about":[{"href":"https:\/\/animation-debat-conference.fr\/index.php?rest_route=\/wp\/v2\/types\/page"}],"author":[{"embeddable":true,"href":"https:\/\/animation-debat-conference.fr\/index.php?rest_route=\/wp\/v2\/users\/1"}],"replies":[{"embeddable":true,"href":"https:\/\/animation-debat-conference.fr\/index.php?rest_route=%2Fwp%2Fv2%2Fcomments&post=624"}],"version-history":[{"count":35,"href":"https:\/\/animation-debat-conference.fr\/index.php?rest_route=\/wp\/v2\/pages\/624\/revisions"}],"predecessor-version":[{"id":1058,"href":"https:\/\/animation-debat-conference.fr\/index.php?rest_route=\/wp\/v2\/pages\/624\/revisions\/1058"}],"wp:attachment":[{"href":"https:\/\/animation-debat-conference.fr\/index.php?rest_route=%2Fwp%2Fv2%2Fmedia&parent=624"}],"curies":[{"name":"wp","href":"https:\/\/api.w.org\/{rel}","templated":true}]}}