{"id":667,"date":"2014-05-31T21:14:32","date_gmt":"2014-05-31T19:14:32","guid":{"rendered":"http:\/\/www.animation-debat-conference.fr\/?page_id=667"},"modified":"2014-06-30T04:02:31","modified_gmt":"2014-06-30T02:02:31","slug":"biotech-industrielles","status":"publish","type":"page","link":"https:\/\/animation-debat-conference.fr\/?page_id=667","title":{"rendered":"Biotech. industrielles"},"content":{"rendered":"<p>&nbsp;<\/p>\n<div id=\"attachment_789\" style=\"width: 160px\" class=\"wp-caption alignright\"><a href=\"http:\/\/www.animation-debat-conference.fr\/wp-content\/uploads\/2014\/05\/IMG_37671-e1404093547984.jpg\"><img aria-describedby=\"caption-attachment-789\" decoding=\"async\" loading=\"lazy\" class=\"wp-image-789 size-thumbnail\" src=\"http:\/\/www.animation-debat-conference.fr\/wp-content\/uploads\/2014\/05\/IMG_37671-e1404093511281-150x150.jpg\" alt=\"Usine Nutritis (26) - Copyright Nathaly Mermet\" width=\"150\" height=\"150\" \/><\/a><p id=\"caption-attachment-789\" class=\"wp-caption-text\">Usine Nutritis (26) &#8211; Copyright Nathaly Mermet<\/p><\/div>\n<h1 class=\"entry-header\" style=\"color: #2b2b2b;\"><a title=\"Biotech. industrielles\" href=\"http:\/\/www.expression-biotech.com\/?page_id=1219\">BIOTECH. BLANCHES<\/a><\/h1>\n<h1 class=\"entry-header\" style=\"color: #2b2b2b;\"><\/h1>\n<h1 class=\"entry-header\" style=\"color: #2b2b2b;\"><\/h1>\n<p>&nbsp;<\/p>\n<div class=\"entry-content\" style=\"color: #2b2b2b;\">\n<h3 style=\"font-weight: inherit; font-style: inherit;\">Les Biotechs \u00ab\u00a0blanches\u00a0\u00bb, ou\u00a0<strong><em style=\"font-weight: inherit; font-style: italic;\">White biotech<\/em><\/strong>\u00a0repr\u00e9sentent les<strong> biotechnologies industrielles<\/strong>, la <strong>bioproduction<\/strong>, la <strong>cosm\u00e9tique<\/strong> ainsi que la <strong>biologie de synth\u00e8se<\/strong><\/h3>\n<p>&nbsp;<\/p>\n<p>&nbsp;<\/p>\n<blockquote>\n<h3 style=\"font-weight: inherit; font-style: inherit; text-align: center;\"><span style=\"color: #000000;\"><strong>Retrouvez toutes les\u00a0<a href=\"http:\/\/www.expression-biotech.com\/?page_id=1219\"><span style=\"color: #000000;\">Biotech. industrielles\u00a0sur Expression Biotech<\/span><\/a><\/strong><\/span><\/h3>\n<h3 style=\"font-weight: inherit; font-style: inherit; text-align: center;\"><span style=\"color: #000000;\"><em>Tout\u00a0le spectre des biotechnologies<\/em><\/span><\/h3>\n<h3 style=\"font-weight: inherit; font-style: inherit; text-align: center;\"><em>\u00e0 travers le prisme de Expression Biotech<\/em><\/h3>\n<\/blockquote>\n<\/div>\n","protected":false},"excerpt":{"rendered":"<p>&nbsp; BIOTECH. BLANCHES &nbsp; Les Biotechs \u00ab\u00a0blanches\u00a0\u00bb, ou\u00a0White biotech\u00a0repr\u00e9sentent les biotechnologies industrielles, la bioproduction, la cosm\u00e9tique ainsi que la biologie de synth\u00e8se &nbsp; &nbsp; Retrouvez toutes les\u00a0Biotech. industrielles\u00a0sur Expression Biotech Tout\u00a0le spectre des biotechnologies \u00e0 travers le prisme de Expression Biotech<\/p>\n","protected":false},"author":1,"featured_media":0,"parent":391,"menu_order":6,"comment_status":"closed","ping_status":"open","template":"","meta":[],"_links":{"self":[{"href":"https:\/\/animation-debat-conference.fr\/index.php?rest_route=\/wp\/v2\/pages\/667"}],"collection":[{"href":"https:\/\/animation-debat-conference.fr\/index.php?rest_route=\/wp\/v2\/pages"}],"about":[{"href":"https:\/\/animation-debat-conference.fr\/index.php?rest_route=\/wp\/v2\/types\/page"}],"author":[{"embeddable":true,"href":"https:\/\/animation-debat-conference.fr\/index.php?rest_route=\/wp\/v2\/users\/1"}],"replies":[{"embeddable":true,"href":"https:\/\/animation-debat-conference.fr\/index.php?rest_route=%2Fwp%2Fv2%2Fcomments&post=667"}],"version-history":[{"count":11,"href":"https:\/\/animation-debat-conference.fr\/index.php?rest_route=\/wp\/v2\/pages\/667\/revisions"}],"predecessor-version":[{"id":792,"href":"https:\/\/animation-debat-conference.fr\/index.php?rest_route=\/wp\/v2\/pages\/667\/revisions\/792"}],"up":[{"embeddable":true,"href":"https:\/\/animation-debat-conference.fr\/index.php?rest_route=\/wp\/v2\/pages\/391"}],"wp:attachment":[{"href":"https:\/\/animation-debat-conference.fr\/index.php?rest_route=%2Fwp%2Fv2%2Fmedia&parent=667"}],"curies":[{"name":"wp","href":"https:\/\/api.w.org\/{rel}","templated":true}]}}