{"id":669,"date":"2014-05-31T21:16:53","date_gmt":"2014-05-31T19:16:53","guid":{"rendered":"http:\/\/www.animation-debat-conference.fr\/?page_id=669"},"modified":"2014-06-30T02:59:30","modified_gmt":"2014-06-30T00:59:30","slug":"biotech-agro-vegetales","status":"publish","type":"page","link":"https:\/\/animation-debat-conference.fr\/?page_id=669","title":{"rendered":"Biotech. agro-v\u00e9g\u00e9tales"},"content":{"rendered":"<header class=\"entry-header\" style=\"color: #2b2b2b;\">\n<h1 class=\"entry-title\" style=\"font-weight: 300; font-style: inherit;\"><\/h1>\n<h1 class=\"entry-title\" style=\"font-weight: 300; font-style: inherit;\"><span style=\"color: #339966;\"><a title=\"Biotech. agro-v\u00e9g\u00e9tales\" href=\"http:\/\/www.expression-biotech.com\/?page_id=1197\"><span style=\"color: #339966;\">BIOTECH. VERTES<\/span><\/a><a href=\"http:\/\/www.animation-debat-conference.fr\/wp-content\/uploads\/2014\/01\/feuille-enviro.jpg\"><img decoding=\"async\" loading=\"lazy\" class=\"alignright wp-image-368 size-thumbnail\" src=\"http:\/\/www.animation-debat-conference.fr\/wp-content\/uploads\/2014\/01\/feuille-enviro-150x150.jpg\" alt=\"feuille \/ agro-v\u00e9g\u00e9tal\" width=\"150\" height=\"150\" srcset=\"https:\/\/animation-debat-conference.fr\/wp-content\/uploads\/2014\/01\/feuille-enviro-150x150.jpg 150w, https:\/\/animation-debat-conference.fr\/wp-content\/uploads\/2014\/01\/feuille-enviro-70x70.jpg 70w\" sizes=\"(max-width: 150px) 100vw, 150px\" \/><\/a><\/span><\/h1>\n<p>&nbsp;<\/p>\n<\/header>\n<div class=\"entry-content\" style=\"color: #2b2b2b; text-align: center;\">\n<h3 style=\"font-weight: inherit; font-style: inherit; text-align: justify;\">Les Biotechs \u00ab\u00a0vertes\u00a0\u00bb, ou <strong>biotechnologies agro-v\u00e9g\u00e9tales<\/strong> font r\u00e9f\u00e9rence aux cultures et \u00e0 l\u2019agriculture et correspondent aux <strong>Greentech<\/strong> et aux <strong>Agrotech<\/strong>.<\/h3>\n<h3 style=\"font-weight: inherit; font-style: inherit; text-align: justify;\">Elles concernent tout autant les <strong>agro-ressources<\/strong>, les technologies d\u2019<strong>am\u00e9lioration du v\u00e9g\u00e9tal<\/strong> que le domaine de l\u2019<strong>agro-alimentaire<\/strong> et la <strong>chimie verte<\/strong>.<\/h3>\n<p>&nbsp;<\/p>\n<p>&nbsp;<\/p>\n<blockquote><p><span style=\"color: #339966;\"><strong>Retrouvez toutes les\u00a0<a style=\"color: #333333;\" title=\"Biotech. agrov\u00e9g\u00e9tales\" href=\"http:\/\/www.expression-biotech.com\/?page_id=1197\"><span style=\"color: #339966;\">Biotech. agro-v\u00e9g\u00e9tales\u00a0sur Expression Biotech<\/span><\/a><\/strong><\/span><span style=\"color: #000000;\"><em>&#8230; <\/em><\/span><\/p><\/blockquote>\n<blockquote><p><span style=\"color: #000000;\"><em>Tout le spectre des biotechnologies \u00e0 travers le prisme de Expression Biotech&#8230;<\/em><\/span><\/p><\/blockquote>\n<\/div>\n","protected":false},"excerpt":{"rendered":"<p>BIOTECH. VERTES &nbsp; Les Biotechs \u00ab\u00a0vertes\u00a0\u00bb, ou biotechnologies agro-v\u00e9g\u00e9tales font r\u00e9f\u00e9rence aux cultures et \u00e0 l\u2019agriculture et correspondent aux Greentech et aux Agrotech. Elles concernent tout autant les agro-ressources, les technologies d\u2019am\u00e9lioration du v\u00e9g\u00e9tal que le domaine de l\u2019agro-alimentaire et la chimie verte. &nbsp; &nbsp; Retrouvez toutes les\u00a0Biotech. agro-v\u00e9g\u00e9tales\u00a0sur Expression Biotech&#8230; Tout le spectre des [&hellip;]<\/p>\n","protected":false},"author":1,"featured_media":0,"parent":391,"menu_order":3,"comment_status":"closed","ping_status":"open","template":"","meta":[],"_links":{"self":[{"href":"https:\/\/animation-debat-conference.fr\/index.php?rest_route=\/wp\/v2\/pages\/669"}],"collection":[{"href":"https:\/\/animation-debat-conference.fr\/index.php?rest_route=\/wp\/v2\/pages"}],"about":[{"href":"https:\/\/animation-debat-conference.fr\/index.php?rest_route=\/wp\/v2\/types\/page"}],"author":[{"embeddable":true,"href":"https:\/\/animation-debat-conference.fr\/index.php?rest_route=\/wp\/v2\/users\/1"}],"replies":[{"embeddable":true,"href":"https:\/\/animation-debat-conference.fr\/index.php?rest_route=%2Fwp%2Fv2%2Fcomments&post=669"}],"version-history":[{"count":10,"href":"https:\/\/animation-debat-conference.fr\/index.php?rest_route=\/wp\/v2\/pages\/669\/revisions"}],"predecessor-version":[{"id":787,"href":"https:\/\/animation-debat-conference.fr\/index.php?rest_route=\/wp\/v2\/pages\/669\/revisions\/787"}],"up":[{"embeddable":true,"href":"https:\/\/animation-debat-conference.fr\/index.php?rest_route=\/wp\/v2\/pages\/391"}],"wp:attachment":[{"href":"https:\/\/animation-debat-conference.fr\/index.php?rest_route=%2Fwp%2Fv2%2Fmedia&parent=669"}],"curies":[{"name":"wp","href":"https:\/\/api.w.org\/{rel}","templated":true}]}}